{"id":16176,"date":"2024-01-31T09:08:06","date_gmt":"2024-01-31T08:08:06","guid":{"rendered":"https:\/\/www.imex-revista.com\/2024-articulos-imex-vol-4\/"},"modified":"2024-01-31T09:08:06","modified_gmt":"2024-01-31T08:08:06","slug":"2024-articulos-imex-vol-4","status":"publish","type":"page","link":"https:\/\/www.imex-revista.com\/en\/2024-articulos-imex-vol-4\/","title":{"rendered":"2024. Art\u00edculos iMex vol. 4"},"content":{"rendered":"[vc_row type=&#8221;full_width_background&#8221; full_screen_row_position=&#8221;middle&#8221; column_margin=&#8221;default&#8221; column_direction=&#8221;default&#8221; column_direction_tablet=&#8221;default&#8221; column_direction_phone=&#8221;default&#8221; bg_image=&#8221;31&#8243; bg_position=&#8221;center top&#8221; background_image_loading=&#8221;default&#8221; bg_repeat=&#8221;repeat&#8221; scene_position=&#8221;center&#8221; top_padding=&#8221;60&#8243; text_color=&#8221;light&#8221; text_align=&#8221;left&#8221; row_border_radius=&#8221;none&#8221; row_border_radius_applies=&#8221;bg&#8221; overflow=&#8221;visible&#8221; overlay_strength=&#8221;0.3&#8243; gradient_direction=&#8221;left_to_right&#8221; shape_divider_position=&#8221;bottom&#8221; bg_image_animation=&#8221;none&#8221; parallax_bg=&#8221;true&#8221; parallax_bg_speed=&#8221;slow&#8221; shape_type=&#8221;&#8221;][vc_column column_padding=&#8221;no-extra-padding&#8221; column_padding_tablet=&#8221;inherit&#8221; column_padding_phone=&#8221;inherit&#8221; column_padding_position=&#8221;all&#8221; column_element_direction_desktop=&#8221;default&#8221; column_element_spacing=&#8221;default&#8221; desktop_text_alignment=&#8221;default&#8221; tablet_text_alignment=&#8221;default&#8221; phone_text_alignment=&#8221;default&#8221; background_color_opacity=&#8221;1&#8243; background_hover_color_opacity=&#8221;1&#8243; column_backdrop_filter=&#8221;none&#8221; column_shadow=&#8221;none&#8221; column_border_radius=&#8221;none&#8221; column_link_target=&#8221;_self&#8221; column_position=&#8221;default&#8221; gradient_direction=&#8221;left_to_right&#8221; overlay_strength=&#8221;0.3&#8243; width=&#8221;1\/1&#8243; tablet_width_inherit=&#8221;default&#8221; animation_type=&#8221;default&#8221; bg_image_animation=&#8221;none&#8221; border_type=&#8221;simple&#8221; column_border_width=&#8221;none&#8221; column_border_style=&#8221;solid&#8221;][vc_row_inner column_margin=&#8221;default&#8221; column_direction=&#8221;default&#8221; column_direction_tablet=&#8221;default&#8221; column_direction_phone=&#8221;default&#8221; top_padding=&#8221;10&#8243; text_align=&#8221;center&#8221; row_position=&#8221;default&#8221; row_position_tablet=&#8221;inherit&#8221; row_position_phone=&#8221;inherit&#8221; overflow=&#8221;visible&#8221; pointer_events=&#8221;all&#8221;][vc_column_inner column_padding=&#8221;no-extra-padding&#8221; column_padding_tablet=&#8221;inherit&#8221; column_padding_phone=&#8221;inherit&#8221; column_padding_position=&#8221;all&#8221; column_element_direction_desktop=&#8221;default&#8221; column_element_spacing=&#8221;default&#8221; desktop_text_alignment=&#8221;default&#8221; tablet_text_alignment=&#8221;default&#8221; phone_text_alignment=&#8221;default&#8221; background_color_opacity=&#8221;1&#8243; background_hover_color_opacity=&#8221;1&#8243; column_backdrop_filter=&#8221;none&#8221; column_shadow=&#8221;none&#8221; column_border_radius=&#8221;none&#8221; column_link_target=&#8221;_self&#8221; overflow=&#8221;visible&#8221; gradient_direction=&#8221;left_to_right&#8221; overlay_strength=&#8221;0.3&#8243; width=&#8221;1\/1&#8243; tablet_width_inherit=&#8221;default&#8221; animation_type=&#8221;default&#8221; bg_image_animation=&#8221;none&#8221; border_type=&#8221;simple&#8221; column_border_width=&#8221;none&#8221; column_border_style=&#8221;solid&#8221;][nectar_animated_title heading_tag=&#8221;h1&#8243; style=&#8221;color-strip-reveal&#8221; color=&#8221;Accent-Color&#8221; text=&#8221;2024. Art\u00edculos iMex vol. 4&#8243;][divider line_type=&#8221;No Line&#8221; custom_height=&#8221;30&#8243;][vc_column_text]\n<h3 style=\"text-align: center;\"><strong><span style=\"color: #b0b0b0;\">Yasmin Temelli \/ Hans Bouchard (eds.)<\/span><\/strong><\/h3>\n[\/vc_column_text][divider line_type=&#8221;Full Width Line&#8221; line_thickness=&#8221;3&#8243; divider_color=&#8221;extra-color-3&#8243; custom_height=&#8221;30&#8243;][\/vc_column_inner][\/vc_row_inner][vc_row_inner column_margin=&#8221;default&#8221; column_direction=&#8221;default&#8221; column_direction_tablet=&#8221;default&#8221; column_direction_phone=&#8221;default&#8221; text_align=&#8221;center&#8221; row_position=&#8221;default&#8221; row_position_tablet=&#8221;inherit&#8221; row_position_phone=&#8221;inherit&#8221; overflow=&#8221;visible&#8221; pointer_events=&#8221;all&#8221;][vc_column_inner column_padding=&#8221;no-extra-padding&#8221; column_padding_tablet=&#8221;inherit&#8221; column_padding_phone=&#8221;inherit&#8221; column_padding_position=&#8221;all&#8221; column_element_direction_desktop=&#8221;default&#8221; column_element_spacing=&#8221;default&#8221; desktop_text_alignment=&#8221;default&#8221; tablet_text_alignment=&#8221;default&#8221; phone_text_alignment=&#8221;default&#8221; background_color_opacity=&#8221;1&#8243; background_hover_color_opacity=&#8221;1&#8243; column_backdrop_filter=&#8221;none&#8221; column_shadow=&#8221;none&#8221; column_border_radius=&#8221;none&#8221; column_link_target=&#8221;_self&#8221; overflow=&#8221;visible&#8221; gradient_direction=&#8221;left_to_right&#8221; overlay_strength=&#8221;0.3&#8243; width=&#8221;1\/1&#8243; tablet_width_inherit=&#8221;default&#8221; animation_type=&#8221;default&#8221; bg_image_animation=&#8221;none&#8221; border_type=&#8221;simple&#8221; column_border_width=&#8221;none&#8221; column_border_style=&#8221;solid&#8221;][\/vc_column_inner][\/vc_row_inner][vc_column_text text_direction=&#8221;default&#8221;]\n<h3 style=\"text-align: center;\"><a href=\"https:\/\/www.imex-revista.com\/articulos-imex-4_i-resenas\/\"><strong><span style=\"color: #b0b0b0;\">Art\u00edculos<\/span><\/strong><\/a><\/h3>\n[\/vc_column_text][divider line_type=&#8221;Full Width Line&#8221; line_thickness=&#8221;3&#8243; divider_color=&#8221;extra-color-3&#8243; custom_height=&#8221;30&#8243;][vc_column_text text_direction=&#8221;default&#8221;]\n<h3><span style=\"color: #b0b0b0;\"><strong>Katelyn Smith<\/strong><\/span><\/h3>\n<h3 style=\"text-align: left;\"><img loading=\"lazy\" decoding=\"async\" class=\"alignleft wp-image-14323 size-medium\" src=\"https:\/\/www.imex-revista.com\/wp-content\/uploads\/Katelyn.Smith_-247x300.webp\" alt=\"\" width=\"247\" height=\"300\" srcset=\"https:\/\/www.imex-revista.com\/wp-content\/uploads\/Katelyn.Smith_-247x300.webp 247w, https:\/\/www.imex-revista.com\/wp-content\/uploads\/Katelyn.Smith_-844x1024.webp 844w, https:\/\/www.imex-revista.com\/wp-content\/uploads\/Katelyn.Smith_-1266x1536.webp 1266w, https:\/\/www.imex-revista.com\/wp-content\/uploads\/Katelyn.Smith_-1688x2048.webp 1688w\" sizes=\"auto, (max-width: 247px) 100vw, 247px\" \/><\/h3>\n<p style=\"text-align: right;\"><a href=\"https:\/\/www.imex-revista.com\/articulos-imex-4_1-polifonia-en-texas\/\"><span style=\"color: #b0b0b0;\">Polifon\u00eda de voces y narraci\u00f3n fragmentaria en <em>Texas<\/em> (2012) de Carmen Boullosa (pp. 1-16)<\/span><\/a><\/p>\n<p style=\"text-align: right;\"><span style=\"color: #b0b0b0;\">DOI: 10.23692\/Articulos_iMex_4.1<\/span><\/p>\n<p style=\"text-align: right;\"><a class=\"nectar-button n-sc-button small accent-color has-icon regular-button\" target=\"_blank\" href=\"https:\/\/www.imex-revista.com\/wp-content\/uploads\/1_KS_Polifonia-en-Texas.pdf\" data-color-override=\"false\" data-hover-color-override=\"false\" data-hover-text-color-override=\"#fff\"><span>Descargar Art\u00edculo<\/span><i class=\"icon-button-arrow\"><\/i><\/a>\n<p>&nbsp;<\/p>\n<p>&nbsp;<\/p>\n<p>&nbsp;<\/p>\n[\/vc_column_text][divider line_type=&#8221;Full Width Line&#8221; line_thickness=&#8221;3&#8243; divider_color=&#8221;extra-color-3&#8243; custom_height=&#8221;30&#8243;][vc_column_text]\n<h3 style=\"text-align: center;\"><a href=\"https:\/\/www.imex-revista.com\/articulos-imex-4_i-resenas\/\"><strong><span style=\"color: #b0b0b0;\">Rese\u00f1as \/ Reviews<\/span><\/strong><\/a><\/h3>\n[\/vc_column_text][divider line_type=&#8221;Full Width Line&#8221; line_thickness=&#8221;3&#8243; divider_color=&#8221;extra-color-3&#8243; custom_height=&#8221;30&#8243;][vc_column_text text_direction=&#8221;default&#8221;]\n<h3 style=\"text-align: left;\"><img loading=\"lazy\" decoding=\"async\" class=\"wp-image-13616 size-medium alignleft\" src=\"https:\/\/www.imex-revista.com\/wp-content\/uploads\/th-640x0-tradicion.jpg-198x300.webp\" alt=\"\" width=\"198\" height=\"300\" srcset=\"https:\/\/www.imex-revista.com\/wp-content\/uploads\/th-640x0-tradicion.jpg-198x300.webp 198w, https:\/\/www.imex-revista.com\/wp-content\/uploads\/th-640x0-tradicion.jpg.webp 640w\" sizes=\"auto, (max-width: 198px) 100vw, 198px\" \/><\/h3>\n<h3 style=\"text-align: left;\"><span style=\"color: #b0b0b0;\"><strong>Israel P\u00e9rez Medina<\/strong><\/span><\/h3>\n<p style=\"text-align: left;\"><strong><span style=\"color: #b0b0b0;\">(pp. I-III)<\/span><\/strong><\/p>\n<p style=\"text-align: justify;\"><a href=\"https:\/\/www.imex-revista.com\/articulos-imex-4_i-resenas\/\"><span style=\"color: #b0b0b0;\">Licata, Nicolas, Yanna Hadatty Mora y Kristine Vanden Berghe (eds.) (2023): <em>Tradici\u00f3n y transgresi\u00f3n. Ensayos cr\u00edticos sobre la obra de Guadalupe Nettel<\/em>. Lieja: Press Universitaires de Liege, 196 p\u00e1ginas.<\/span><\/a><\/p>\n<p style=\"text-align: right;\"><a class=\"nectar-button n-sc-button small accent-color has-icon regular-button\" target=\"_blank\" href=\"https:\/\/www.imex-revista.com\/wp-content\/uploads\/Resenas_v2_03.24.pdf\" data-color-override=\"false\" data-hover-color-override=\"false\" data-hover-text-color-override=\"#fff\"><span>Descargar Art\u00edculo<\/span><i class=\"icon-button-arrow\"><\/i><\/a>\n<p>&nbsp;<\/p>\n[\/vc_column_text][divider line_type=&#8221;Full Width Line&#8221; line_thickness=&#8221;3&#8243; divider_color=&#8221;extra-color-3&#8243; custom_height=&#8221;130&#8243;][vc_column_text text_direction=&#8221;default&#8221;]\n<h3 style=\"text-align: left;\"><img loading=\"lazy\" decoding=\"async\" class=\"wp-image-13792 size-medium alignleft\" src=\"https:\/\/www.imex-revista.com\/wp-content\/uploads\/chiara-dona-204x300.webp\" alt=\"\" width=\"204\" height=\"300\" srcset=\"https:\/\/www.imex-revista.com\/wp-content\/uploads\/chiara-dona-204x300.webp 204w, https:\/\/www.imex-revista.com\/wp-content\/uploads\/chiara-dona.webp 681w\" sizes=\"auto, (max-width: 204px) 100vw, 204px\" \/><\/h3>\n<h3 style=\"text-align: left;\"><span style=\"color: #b0b0b0;\"><strong>Celina Larios<\/strong><\/span><\/h3>\n<p style=\"text-align: left;\"><strong><span style=\"color: #b0b0b0;\">(pp. III-V)<\/span><\/strong><\/p>\n<p style=\"text-align: justify;\"><a href=\"https:\/\/www.imex-revista.com\/articulos-imex-4_i-resenas\/\"><span style=\"color: #b0b0b0;\">Don\u00e0 Lauterbach, Chiara (2023): <em>Materialidad insumisa: Lo fragmentario, lo nimio y lo abyecto en la obra de Margo Glantz<\/em>. Madrid: Iberoamericana \/ Vervuert, 333 p\u00e1ginas. <\/span><\/a><\/p>\n<p style=\"text-align: right;\"><a class=\"nectar-button n-sc-button small accent-color has-icon regular-button\" target=\"_blank\" href=\"https:\/\/www.imex-revista.com\/wp-content\/uploads\/Resenas_v2_03.24.pdf\" data-color-override=\"false\" data-hover-color-override=\"false\" data-hover-text-color-override=\"#fff\"><span>Descargar Art\u00edculo<\/span><i class=\"icon-button-arrow\"><\/i><\/a>\n<p>&nbsp;<\/p>\n[\/vc_column_text][divider line_type=&#8221;Full Width Line&#8221; line_thickness=&#8221;3&#8243; divider_color=&#8221;extra-color-3&#8243; custom_height=&#8221;130&#8243;][vc_column_text text_direction=&#8221;default&#8221;]\n<h3 style=\"text-align: left;\"><img loading=\"lazy\" decoding=\"async\" class=\"wp-image-14573 size-medium alignleft\" src=\"https:\/\/www.imex-revista.com\/wp-content\/uploads\/rosa-beltran-afectos-literarios-y-el-arte-de-narrar-355112874-196x300.webp\" alt=\"\" width=\"196\" height=\"300\" srcset=\"https:\/\/www.imex-revista.com\/wp-content\/uploads\/rosa-beltran-afectos-literarios-y-el-arte-de-narrar-355112874-196x300.webp 196w, https:\/\/www.imex-revista.com\/wp-content\/uploads\/rosa-beltran-afectos-literarios-y-el-arte-de-narrar-355112874-667x1024.webp 667w, https:\/\/www.imex-revista.com\/wp-content\/uploads\/rosa-beltran-afectos-literarios-y-el-arte-de-narrar-355112874-1001x1536.webp 1001w, https:\/\/www.imex-revista.com\/wp-content\/uploads\/rosa-beltran-afectos-literarios-y-el-arte-de-narrar-355112874-1335x2048.webp 1335w, https:\/\/www.imex-revista.com\/wp-content\/uploads\/rosa-beltran-afectos-literarios-y-el-arte-de-narrar-355112874-scaled.webp 1668w\" sizes=\"auto, (max-width: 196px) 100vw, 196px\" \/><\/h3>\n<h3 style=\"text-align: left;\"><span style=\"color: #b0b0b0;\"><strong>Chiara Don\u00e0<\/strong><\/span><\/h3>\n<p style=\"text-align: left;\"><strong><span style=\"color: #b0b0b0;\">(pp. V-VIII)<\/span><\/strong><\/p>\n<p style=\"text-align: justify;\"><a href=\"https:\/\/www.imex-revista.com\/articulos-imex-4_i-resenas\/\"><span style=\"color: #b0b0b0;\">Oswaldo Estrada (ed.) (2023): <em>Rosa Beltr\u00e1n: afectos literarios y el arte de narrar<\/em>. Ciudad de M\u00e9xico: Bonilla Artigas Editores, 357 p\u00e1ginas. <\/span><\/a><\/p>\n<p style=\"text-align: right;\"><a class=\"nectar-button n-sc-button small accent-color has-icon regular-button\" target=\"_blank\" href=\"https:\/\/www.imex-revista.com\/wp-content\/uploads\/Resenas_v3_05.24.pdf\" data-color-override=\"false\" data-hover-color-override=\"false\" data-hover-text-color-override=\"#fff\"><span>Descargar Art\u00edculo<\/span><i class=\"icon-button-arrow\"><\/i><\/a>\n<p>&nbsp;<\/p>\n[\/vc_column_text][divider line_type=&#8221;Full Width Line&#8221; line_thickness=&#8221;3&#8243; divider_color=&#8221;extra-color-3&#8243; custom_height=&#8221;130&#8243;][\/vc_column][\/vc_row][vc_column column_padding=&#8221;no-extra-padding&#8221; column_padding_tablet=&#8221;inherit&#8221; column_padding_phone=&#8221;inherit&#8221; column_padding_position=&#8221;all&#8221; column_element_direction_desktop=&#8221;default&#8221; column_element_spacing=&#8221;default&#8221; desktop_text_alignment=&#8221;default&#8221; tablet_text_alignment=&#8221;default&#8221; phone_text_alignment=&#8221;default&#8221; background_color_opacity=&#8221;1&#8243; background_hover_color_opacity=&#8221;1&#8243; column_backdrop_filter=&#8221;none&#8221; column_shadow=&#8221;none&#8221; column_border_radius=&#8221;none&#8221; column_link_target=&#8221;_self&#8221; column_position=&#8221;default&#8221; gradient_direction=&#8221;left_to_right&#8221; overlay_strength=&#8221;0.3&#8243; width=&#8221;1\/1&#8243; tablet_width_inherit=&#8221;default&#8221; animation_type=&#8221;default&#8221; bg_image_animation=&#8221;none&#8221; border_type=&#8221;simple&#8221; column_border_width=&#8221;none&#8221; column_border_style=&#8221;solid&#8221;][\/vc_column][vc_column_text]\n<p>&nbsp;<\/p>\n[\/vc_column_text]\n","protected":false},"excerpt":{"rendered":"<p>[vc_row type=&#8221;full_width_background&#8221; full_screen_row_position=&#8221;middle&#8221; column_margin=&#8221;default&#8221; column_direction=&#8221;default&#8221; column_direction_tablet=&#8221;default&#8221; column_direction_phone=&#8221;default&#8221; bg_image=&#8221;31&#8243; bg_position=&#8221;center top&#8221; background_image_loading=&#8221;default&#8221; bg_repeat=&#8221;repeat&#8221; scene_position=&#8221;center&#8221; top_padding=&#8221;60&#8243; text_color=&#8221;light&#8221; text_align=&#8221;left&#8221; row_border_radius=&#8221;none&#8221; row_border_radius_applies=&#8221;bg&#8221; overflow=&#8221;visible&#8221; overlay_strength=&#8221;0.3&#8243; gradient_direction=&#8221;left_to_right&#8221; shape_divider_position=&#8221;bottom&#8221; bg_image_animation=&#8221;none&#8221; parallax_bg=&#8221;true&#8221; parallax_bg_speed=&#8221;slow&#8221; shape_type=&#8221;&#8221;][vc_column column_padding=&#8221;no-extra-padding&#8221; column_padding_tablet=&#8221;inherit&#8221; column_padding_phone=&#8221;inherit&#8221; column_padding_position=&#8221;all&#8221;&#8230;<\/p>\n","protected":false},"author":12,"featured_media":13091,"parent":0,"menu_order":4,"comment_status":"closed","ping_status":"closed","template":"","meta":{"footnotes":""},"class_list":["post-16176","page","type-page","status-publish","has-post-thumbnail"],"yoast_head":"<!-- This site is optimized with the Yoast SEO plugin v28.4 - https:\/\/yoast.com\/product\/yoast-seo-wordpress\/ -->\n<title>2024. Art\u00edculos iMex vol. 4 - iMex Revista<\/title>\n<meta name=\"robots\" content=\"index, follow, max-snippet:-1, max-image-preview:large, max-video-preview:-1\" \/>\n<link rel=\"canonical\" href=\"https:\/\/www.imex-revista.com\/en\/2024-articulos-imex-vol-4\/\" \/>\n<meta property=\"og:locale\" content=\"en_US\" \/>\n<meta property=\"og:type\" content=\"article\" \/>\n<meta property=\"og:title\" content=\"2024. Art\u00edculos iMex vol. 4 - iMex Revista\" \/>\n<meta property=\"og:description\" content=\"[vc_row type=&#8221;full_width_background&#8221; full_screen_row_position=&#8221;middle&#8221; column_margin=&#8221;default&#8221; column_direction=&#8221;default&#8221; column_direction_tablet=&#8221;default&#8221; column_direction_phone=&#8221;default&#8221; bg_image=&#8221;31&#8243; bg_position=&#8221;center top&#8221; background_image_loading=&#8221;default&#8221; bg_repeat=&#8221;repeat&#8221; scene_position=&#8221;center&#8221; top_padding=&#8221;60&#8243; text_color=&#8221;light&#8221; text_align=&#8221;left&#8221; row_border_radius=&#8221;none&#8221; row_border_radius_applies=&#8221;bg&#8221; overflow=&#8221;visible&#8221; overlay_strength=&#8221;0.3&#8243; gradient_direction=&#8221;left_to_right&#8221; shape_divider_position=&#8221;bottom&#8221; bg_image_animation=&#8221;none&#8221; parallax_bg=&#8221;true&#8221; parallax_bg_speed=&#8221;slow&#8221; shape_type=&#8221;&#8221;][vc_column column_padding=&#8221;no-extra-padding&#8221; column_padding_tablet=&#8221;inherit&#8221; column_padding_phone=&#8221;inherit&#8221; column_padding_position=&#8221;all&#8221;...\" \/>\n<meta property=\"og:url\" content=\"https:\/\/www.imex-revista.com\/en\/2024-articulos-imex-vol-4\/\" \/>\n<meta property=\"og:site_name\" content=\"iMex Revista\" \/>\n<meta property=\"og:image\" content=\"https:\/\/www.imex-revista.com\/wp-content\/uploads\/Katelyn.Smith_-scaled.webp\" \/>\n\t<meta property=\"og:image:width\" content=\"2110\" \/>\n\t<meta property=\"og:image:height\" content=\"2560\" \/>\n\t<meta property=\"og:image:type\" content=\"image\/webp\" \/>\n<meta name=\"twitter:card\" content=\"summary_large_image\" \/>\n<meta name=\"twitter:label1\" content=\"Est. reading time\" \/>\n\t<meta name=\"twitter:data1\" content=\"5 minutes\" \/>\n<script type=\"application\/ld+json\" class=\"yoast-schema-graph\">{\"@context\":\"https:\\\/\\\/schema.org\",\"@graph\":[{\"@type\":\"WebPage\",\"@id\":\"https:\\\/\\\/www.imex-revista.com\\\/en\\\/2024-articulos-imex-vol-4\\\/\",\"url\":\"https:\\\/\\\/www.imex-revista.com\\\/en\\\/2024-articulos-imex-vol-4\\\/\",\"name\":\"2024. Art\u00edculos iMex vol. 4 - iMex Revista\",\"isPartOf\":{\"@id\":\"https:\\\/\\\/www.imex-revista.com\\\/#website\"},\"primaryImageOfPage\":{\"@id\":\"https:\\\/\\\/www.imex-revista.com\\\/en\\\/2024-articulos-imex-vol-4\\\/#primaryimage\"},\"image\":{\"@id\":\"https:\\\/\\\/www.imex-revista.com\\\/en\\\/2024-articulos-imex-vol-4\\\/#primaryimage\"},\"thumbnailUrl\":\"https:\\\/\\\/www.imex-revista.com\\\/wp-content\\\/uploads\\\/Articulos.webp\",\"datePublished\":\"2024-01-31T08:08:06+00:00\",\"breadcrumb\":{\"@id\":\"https:\\\/\\\/www.imex-revista.com\\\/en\\\/2024-articulos-imex-vol-4\\\/#breadcrumb\"},\"inLanguage\":\"en-US\",\"potentialAction\":[{\"@type\":\"ReadAction\",\"target\":[\"https:\\\/\\\/www.imex-revista.com\\\/en\\\/2024-articulos-imex-vol-4\\\/\"]}]},{\"@type\":\"ImageObject\",\"inLanguage\":\"en-US\",\"@id\":\"https:\\\/\\\/www.imex-revista.com\\\/en\\\/2024-articulos-imex-vol-4\\\/#primaryimage\",\"url\":\"https:\\\/\\\/www.imex-revista.com\\\/wp-content\\\/uploads\\\/Articulos.webp\",\"contentUrl\":\"https:\\\/\\\/www.imex-revista.com\\\/wp-content\\\/uploads\\\/Articulos.webp\",\"width\":1104,\"height\":1092},{\"@type\":\"BreadcrumbList\",\"@id\":\"https:\\\/\\\/www.imex-revista.com\\\/en\\\/2024-articulos-imex-vol-4\\\/#breadcrumb\",\"itemListElement\":[{\"@type\":\"ListItem\",\"position\":1,\"name\":\"Home\",\"item\":\"https:\\\/\\\/www.imex-revista.com\\\/en\\\/imex\\\/\"},{\"@type\":\"ListItem\",\"position\":2,\"name\":\"2024. Art\u00edculos iMex vol. 4\"}]},{\"@type\":\"WebSite\",\"@id\":\"https:\\\/\\\/www.imex-revista.com\\\/#website\",\"url\":\"https:\\\/\\\/www.imex-revista.com\\\/\",\"name\":\"iMex Revista\",\"description\":\"iMex Revista\",\"potentialAction\":[{\"@type\":\"SearchAction\",\"target\":{\"@type\":\"EntryPoint\",\"urlTemplate\":\"https:\\\/\\\/www.imex-revista.com\\\/?s={search_term_string}\"},\"query-input\":{\"@type\":\"PropertyValueSpecification\",\"valueRequired\":true,\"valueName\":\"search_term_string\"}}],\"inLanguage\":\"en-US\"}]}<\/script>\n<!-- \/ Yoast SEO plugin. -->","yoast_head_json":{"title":"2024. Art\u00edculos iMex vol. 4 - iMex Revista","robots":{"index":"index","follow":"follow","max-snippet":"max-snippet:-1","max-image-preview":"max-image-preview:large","max-video-preview":"max-video-preview:-1"},"canonical":"https:\/\/www.imex-revista.com\/en\/2024-articulos-imex-vol-4\/","og_locale":"en_US","og_type":"article","og_title":"2024. Art\u00edculos iMex vol. 4 - iMex Revista","og_description":"[vc_row type=&#8221;full_width_background&#8221; full_screen_row_position=&#8221;middle&#8221; column_margin=&#8221;default&#8221; column_direction=&#8221;default&#8221; column_direction_tablet=&#8221;default&#8221; column_direction_phone=&#8221;default&#8221; bg_image=&#8221;31&#8243; bg_position=&#8221;center top&#8221; background_image_loading=&#8221;default&#8221; bg_repeat=&#8221;repeat&#8221; scene_position=&#8221;center&#8221; top_padding=&#8221;60&#8243; text_color=&#8221;light&#8221; text_align=&#8221;left&#8221; row_border_radius=&#8221;none&#8221; row_border_radius_applies=&#8221;bg&#8221; overflow=&#8221;visible&#8221; overlay_strength=&#8221;0.3&#8243; gradient_direction=&#8221;left_to_right&#8221; shape_divider_position=&#8221;bottom&#8221; bg_image_animation=&#8221;none&#8221; parallax_bg=&#8221;true&#8221; parallax_bg_speed=&#8221;slow&#8221; shape_type=&#8221;&#8221;][vc_column column_padding=&#8221;no-extra-padding&#8221; column_padding_tablet=&#8221;inherit&#8221; column_padding_phone=&#8221;inherit&#8221; column_padding_position=&#8221;all&#8221;...","og_url":"https:\/\/www.imex-revista.com\/en\/2024-articulos-imex-vol-4\/","og_site_name":"iMex Revista","og_image":[{"width":2110,"height":2560,"url":"https:\/\/www.imex-revista.com\/wp-content\/uploads\/Katelyn.Smith_-scaled.webp","type":"image\/webp"}],"twitter_card":"summary_large_image","twitter_misc":{"Est. reading time":"5 minutes"},"schema":{"@context":"https:\/\/schema.org","@graph":[{"@type":"WebPage","@id":"https:\/\/www.imex-revista.com\/en\/2024-articulos-imex-vol-4\/","url":"https:\/\/www.imex-revista.com\/en\/2024-articulos-imex-vol-4\/","name":"2024. Art\u00edculos iMex vol. 4 - iMex Revista","isPartOf":{"@id":"https:\/\/www.imex-revista.com\/#website"},"primaryImageOfPage":{"@id":"https:\/\/www.imex-revista.com\/en\/2024-articulos-imex-vol-4\/#primaryimage"},"image":{"@id":"https:\/\/www.imex-revista.com\/en\/2024-articulos-imex-vol-4\/#primaryimage"},"thumbnailUrl":"https:\/\/www.imex-revista.com\/wp-content\/uploads\/Articulos.webp","datePublished":"2024-01-31T08:08:06+00:00","breadcrumb":{"@id":"https:\/\/www.imex-revista.com\/en\/2024-articulos-imex-vol-4\/#breadcrumb"},"inLanguage":"en-US","potentialAction":[{"@type":"ReadAction","target":["https:\/\/www.imex-revista.com\/en\/2024-articulos-imex-vol-4\/"]}]},{"@type":"ImageObject","inLanguage":"en-US","@id":"https:\/\/www.imex-revista.com\/en\/2024-articulos-imex-vol-4\/#primaryimage","url":"https:\/\/www.imex-revista.com\/wp-content\/uploads\/Articulos.webp","contentUrl":"https:\/\/www.imex-revista.com\/wp-content\/uploads\/Articulos.webp","width":1104,"height":1092},{"@type":"BreadcrumbList","@id":"https:\/\/www.imex-revista.com\/en\/2024-articulos-imex-vol-4\/#breadcrumb","itemListElement":[{"@type":"ListItem","position":1,"name":"Home","item":"https:\/\/www.imex-revista.com\/en\/imex\/"},{"@type":"ListItem","position":2,"name":"2024. Art\u00edculos iMex vol. 4"}]},{"@type":"WebSite","@id":"https:\/\/www.imex-revista.com\/#website","url":"https:\/\/www.imex-revista.com\/","name":"iMex Revista","description":"iMex Revista","potentialAction":[{"@type":"SearchAction","target":{"@type":"EntryPoint","urlTemplate":"https:\/\/www.imex-revista.com\/?s={search_term_string}"},"query-input":{"@type":"PropertyValueSpecification","valueRequired":true,"valueName":"search_term_string"}}],"inLanguage":"en-US"}]}},"_links":{"self":[{"href":"https:\/\/www.imex-revista.com\/en\/wp-json\/wp\/v2\/pages\/16176","targetHints":{"allow":["GET"]}}],"collection":[{"href":"https:\/\/www.imex-revista.com\/en\/wp-json\/wp\/v2\/pages"}],"about":[{"href":"https:\/\/www.imex-revista.com\/en\/wp-json\/wp\/v2\/types\/page"}],"author":[{"embeddable":true,"href":"https:\/\/www.imex-revista.com\/en\/wp-json\/wp\/v2\/users\/12"}],"replies":[{"embeddable":true,"href":"https:\/\/www.imex-revista.com\/en\/wp-json\/wp\/v2\/comments?post=16176"}],"version-history":[{"count":0,"href":"https:\/\/www.imex-revista.com\/en\/wp-json\/wp\/v2\/pages\/16176\/revisions"}],"wp:featuredmedia":[{"embeddable":true,"href":"https:\/\/www.imex-revista.com\/en\/wp-json\/wp\/v2\/media\/13091"}],"wp:attachment":[{"href":"https:\/\/www.imex-revista.com\/en\/wp-json\/wp\/v2\/media?parent=16176"}],"curies":[{"name":"wp","href":"https:\/\/api.w.org\/{rel}","templated":true}]}}